{"id":2606,"date":"2025-02-04T18:26:46","date_gmt":"2025-02-04T18:26:46","guid":{"rendered":"https:\/\/azeta.pro\/?page_id=2606"},"modified":"2026-08-31T09:37:28","modified_gmt":"2026-08-31T09:37:28","slug":"design-district","status":"publish","type":"page","link":"https:\/\/azeta.pro\/fr\/dubai\/free-zone\/design-district\/","title":{"rendered":"Dubai Design District (d3)"},"content":{"rendered":"<p><strong>Transformez votre vision cr\u00e9ative en r\u00e9alit\u00e9 au c\u0153ur de la conception mondiale<\/strong><br><em>100% propri\u00e9t\u00e9 \u00e9trang\u00e8re | 0% imp\u00f4ts | Hub pour l'innovation et le style de vie<\/em><\/p>\n\n\n\n<p>[Bouton CTA : \"Lancez votre marque sur d3 \u2192\"]<\/p>\n\n\n<div class=\"wp-block-image\">\n<figure class=\"aligncenter size-full\"><img loading=\"lazy\" decoding=\"async\" width=\"819\" height=\"826\" src=\"https:\/\/azeta.pro\/wp-content\/uploads\/2025\/02\/image-15.png\" alt=\"\" class=\"wp-image-2607\" title=\"\" srcset=\"https:\/\/azeta.pro\/wp-content\/uploads\/2025\/02\/image-15.png 819w, https:\/\/azeta.pro\/wp-content\/uploads\/2025\/02\/image-15-297x300.png 297w, https:\/\/azeta.pro\/wp-content\/uploads\/2025\/02\/image-15-150x150.png 150w, https:\/\/azeta.pro\/wp-content\/uploads\/2025\/02\/image-15-768x775.png 768w, https:\/\/azeta.pro\/wp-content\/uploads\/2025\/02\/image-15-12x12.png 12w, https:\/\/azeta.pro\/wp-content\/uploads\/2025\/02\/image-15-120x120.png 120w\" sizes=\"(max-width: 819px) 100vw, 819px\" \/><\/figure><\/div>\n\n\n<hr class=\"wp-block-separator has-alpha-channel-opacity\"\/>\n\n\n\n<h2 class=\"wp-block-heading\"><strong>Pourquoi choisir Dubai Design District ?<\/strong><\/h2>\n\n\n\n<p>\u2705&nbsp;<strong>Fond\u00e9e en 2013<\/strong>avec&nbsp;<strong>1 000+ marques<\/strong>&nbsp;dont Chanel, Dior et Swarovski<br>\u2705&nbsp;<strong>Un centre unique de la r\u00e9gion MENA d\u00e9di\u00e9 au design<\/strong>partie du groupe&nbsp;<strong>TECOM<\/strong>.<br>\u2705&nbsp;<strong>\u00c9v\u00e9nements embl\u00e9matiques<\/strong>Semaine du design de Duba\u00ef, semaine de la mode arabe et Downtown Design.<br>\u2705&nbsp;<strong>0% imp\u00f4t sur les soci\u00e9t\u00e9s, 0% droits de douane<\/strong>le rapatriement complet des b\u00e9n\u00e9fices.<\/p>\n\n\n\n<hr class=\"wp-block-separator has-alpha-channel-opacity\"\/>\n\n\n\n<h3 class=\"wp-block-heading\"><strong>Secteurs cl\u00e9s<\/strong><\/h3>\n\n\n\n<ul>\n<li>\ud83d\udc57 Mode et haute couture<\/li>\n\n\n\n<li>\ud83c\udfdb\ufe0f Architecture et d\u00e9coration d'int\u00e9rieur<\/li>\n\n\n\n<li>\ud83c\udfa8 Art contemporain et galeries d'art<\/li>\n\n\n\n<li>\ud83d\udcd0 Conception industrielle et de produits<\/li>\n<\/ul>\n\n\n\n<hr class=\"wp-block-separator has-alpha-channel-opacity\"\/>\n\n\n\n<h2 class=\"wp-block-heading\"><strong>Avantages exclusifs de d3<\/strong><\/h2>\n\n\n<div style=\"display: grid; grid-template-columns: 1fr 1fr; gap: 20px; margin: 20px 0;\">\n<div> **\ud83c\udf89 Elite networking** Acc\u00e8s aux acheteurs internationaux, aux showrooms et aux \u00e9v\u00e9nements exclusifs tels que **Paris-Dubai Fashion Connection**. <\/div>\n<div> **\ud83d\udcdc Licences personnalis\u00e9es** Pour les designers ind\u00e9pendants, les studios de cr\u00e9ation ou les marques \u00e9tablies, y compris le commerce \u00e9lectronique de luxe. <\/div>\n<div> **\ud83c\udfd9\ufe0f Des espaces inspirants** Des studios ouverts, des lofts d'exposition et des pop-up stores dans le c\u0153ur cr\u00e9atif de Duba\u00ef. <\/div>\n<div> **\ud83c\udf31 Durabilit\u00e9** Programmes de mat\u00e9riaux \u00e9cologiques et partenariats avec **l'Institut du design et de l'innovation de Duba\u00ef**. <\/div>\n<\/p><\/div>\n\n\n\n<hr class=\"wp-block-separator has-alpha-channel-opacity\"\/>\n\n\n\n<h2 class=\"wp-block-heading\"><strong>Des chiffres qui comptent<\/strong><\/h2>\n\n\n\n<ul>\n<li><strong>Plus de 300 \u00e9v\u00e9nements<\/strong>\u00a0l'ann\u00e9e entre les parades, les expositions et les conf\u00e9rences.<\/li>\n\n\n\n<li><strong>70%<\/strong>\u00a0des maisons de couture de la r\u00e9gion MENA sont bas\u00e9es dans le d3.<\/li>\n\n\n\n<li><strong>72 heures<\/strong>\u00a0pour obtenir une licence de cr\u00e9ation via une plateforme num\u00e9rique.<\/li>\n<\/ul>\n\n\n\n<hr class=\"wp-block-separator has-alpha-channel-opacity\"\/>\n\n\n\n<h2 class=\"wp-block-heading\"><strong>Histoires de r\u00e9ussite<\/strong><\/h2>\n\n\n\n<blockquote class=\"wp-block-quote is-layout-flow wp-block-quote-is-layout-flow\">\n<p><em>\"Avec d3, nous avons lanc\u00e9 notre collection de robes de mari\u00e9e dans des tissus durables, ce qui nous a permis de gagner des clients en Europe et dans le Golfe.<\/em><br>-&nbsp;<strong>Cr\u00e9atrice de mode, Florence<\/strong><\/p>\n<\/blockquote>\n\n\n\n<blockquote class=\"wp-block-quote is-layout-flow wp-block-quote-is-layout-flow\">\n<p><em>\"L'agence d'architecture d3 nous a ouvert les portes de projets embl\u00e9matiques tels que le mus\u00e9e du futur de Duba\u00ef.<\/em><br>-&nbsp;<strong>Architecte, bureau de Milan<\/strong><\/p>\n<\/blockquote>\n\n\n\n<hr class=\"wp-block-separator has-alpha-channel-opacity\"\/>\n\n\n\n<h2 class=\"wp-block-heading\"><strong>Comment s'inscrire \u00e0 d3<\/strong><\/h2>\n\n\n\n<ol start=\"1\">\n<li><strong>Choisissez votre licence<\/strong>\u00a0(design, mode, art, commerce \u00e9lectronique).<\/li>\n\n\n\n<li><strong>T\u00e9l\u00e9charger le portfolio<\/strong>\u00a0(projets, collections ou concepts artistiques).<\/li>\n\n\n\n<li><strong>S\u00e9lectionner l'espace<\/strong>\u00a0(studio, salle d'exposition ou bureau virtuel).<\/li>\n\n\n\n<li><strong>Rejoindre la communaut\u00e9<\/strong>\u00a0- \u00c9v\u00e9nements, mentorat et collaborations internationales.<\/li>\n<\/ol>\n\n\n\n<p>[Bouton CTA : \"T\u00e9l\u00e9charger le guide du concepteur\"]<\/p>\n\n\n\n<hr class=\"wp-block-separator has-alpha-channel-opacity\"\/>\n\n\n\n<h2 class=\"wp-block-heading\"><strong>Infrastructures cr\u00e9atives<\/strong><\/h2>\n\n\n\n<ul>\n<li><strong>d3 Studios<\/strong>Des espaces modulaires avec des \u00e9quipements de prototypage et d'impression 3D.<\/li>\n\n\n\n<li><strong>Le Dubai Design Hub<\/strong>Les galeries d'exposition et les auditoriums pour des \u00e9v\u00e9nements d'envergure mondiale.<\/li>\n\n\n\n<li><strong>Conseil de la mode et du design<\/strong>Soutien \u00e0 la participation \u00e0 des foires commerciales internationales (par exemple, la semaine de la mode de Milan).<\/li>\n<\/ul>\n\n\n<div class=\"wp-block-image\">\n<figure class=\"aligncenter size-full\"><img loading=\"lazy\" decoding=\"async\" width=\"640\" height=\"400\" src=\"https:\/\/azeta.pro\/wp-content\/uploads\/2025\/02\/image-19.png\" alt=\"\" class=\"wp-image-2611\" title=\"\" srcset=\"https:\/\/azeta.pro\/wp-content\/uploads\/2025\/02\/image-19.png 640w, https:\/\/azeta.pro\/wp-content\/uploads\/2025\/02\/image-19-300x188.png 300w, https:\/\/azeta.pro\/wp-content\/uploads\/2025\/02\/image-19-18x12.png 18w\" sizes=\"(max-width: 640px) 100vw, 640px\" \/><\/figure><\/div>\n\n<div class=\"wp-block-image\">\n<figure class=\"aligncenter size-large\"><img loading=\"lazy\" decoding=\"async\" width=\"1024\" height=\"682\" src=\"https:\/\/azeta.pro\/wp-content\/uploads\/2025\/02\/image-16-1024x682.png\" alt=\"\" class=\"wp-image-2608\" title=\"\" srcset=\"https:\/\/azeta.pro\/wp-content\/uploads\/2025\/02\/image-16-1024x682.png 1024w, https:\/\/azeta.pro\/wp-content\/uploads\/2025\/02\/image-16-300x200.png 300w, https:\/\/azeta.pro\/wp-content\/uploads\/2025\/02\/image-16-768x511.png 768w, https:\/\/azeta.pro\/wp-content\/uploads\/2025\/02\/image-16-18x12.png 18w, https:\/\/azeta.pro\/wp-content\/uploads\/2025\/02\/image-16.png 1200w\" sizes=\"(max-width: 1024px) 100vw, 1024px\" \/><\/figure><\/div>\n\n\n<hr class=\"wp-block-separator has-alpha-channel-opacity\"\/>\n\n\n\n<h2 class=\"wp-block-heading\"><strong>Offre de lancement pour les cr\u00e9atifs<\/strong><\/h2>\n\n\n\n<p><strong>\ud83c\udfa8 1 an d'adh\u00e9sion gratuite au d3 Creative Network<\/strong><br><em>Inclus : Acc\u00e8s \u00e0 des acheteurs s\u00e9lectionn\u00e9s et r\u00e9ductions sur l'espace d'exposition.<\/em><\/p>\n\n\n\n<p>[Bouton CTA : \"Demander une adh\u00e9sion gratuite\"]<\/p>\n\n\n\n<hr class=\"wp-block-separator has-alpha-channel-opacity\"\/>\n\n\n\n<h2 class=\"wp-block-heading\"><strong>Contact<\/strong><\/h2>\n\n\n\n<p>\ud83d\udccd&nbsp;<strong>Si\u00e8ge<\/strong>Dubai Design District, pr\u00e8s de Burj Khalifa, Duba\u00ef<br>\ud83d\udcde&nbsp;<strong>Bureau italien<\/strong>+39 02 99887766 (Milan)<br>\ud83d\udce7&nbsp;<strong>Courriel<\/strong>:&nbsp;<a href=\"mailto:italia@d3.ae\" target=\"_blank\" rel=\"noreferrer noopener\">italia@d3.ae<\/a><\/p>\n\n\n\n<p>[Bouton CTA : \"Parlez \u00e0 un consultant cr\u00e9atif\"]<\/p>","protected":false},"excerpt":{"rendered":"<p>Trasforma la tua visione creativa in realt\u00e0 nel cuore del design globale100% propriet\u00e0 straniera | 0% tasse | Hub per innovazione e lifestyle [CTA Button: &#8220;Lancia il tuo brand a d3 \u2192&#8221;] Perch\u00e9 scegliere Dubai Design District? \u2705&nbsp;Fondato nel 2013, con&nbsp;1.000+ brand&nbsp;tra cui Chanel, Dior e Swarovski\u2705&nbsp;Unico hub MENA dedicato al design, parte del gruppo&nbsp;TECOM.\u2705&nbsp;Eventi &#8230; <a title=\"Dubai Design District (d3)\" class=\"read-more\" href=\"https:\/\/azeta.pro\/fr\/dubai\/free-zone\/design-district\/\" aria-label=\"Plus sur Dubai Design District (d3)\">Lire plus<\/a><\/p>","protected":false},"author":1,"featured_media":2607,"parent":2915,"menu_order":0,"comment_status":"closed","ping_status":"closed","template":"","meta":{"iawp_total_views":0,"footnotes":"","rank_math_title":"","rank_math_description":"","rank_math_focus_keyword":"","rank_math_canonical_url":"","rank_math_robots":[]},"_links":{"self":[{"href":"https:\/\/azeta.pro\/fr\/wp-json\/wp\/v2\/pages\/2606"}],"collection":[{"href":"https:\/\/azeta.pro\/fr\/wp-json\/wp\/v2\/pages"}],"about":[{"href":"https:\/\/azeta.pro\/fr\/wp-json\/wp\/v2\/types\/page"}],"author":[{"embeddable":true,"href":"https:\/\/azeta.pro\/fr\/wp-json\/wp\/v2\/users\/1"}],"replies":[{"embeddable":true,"href":"https:\/\/azeta.pro\/fr\/wp-json\/wp\/v2\/comments?post=2606"}],"version-history":[{"count":1,"href":"https:\/\/azeta.pro\/fr\/wp-json\/wp\/v2\/pages\/2606\/revisions"}],"predecessor-version":[{"id":2612,"href":"https:\/\/azeta.pro\/fr\/wp-json\/wp\/v2\/pages\/2606\/revisions\/2612"}],"up":[{"embeddable":true,"href":"https:\/\/azeta.pro\/fr\/wp-json\/wp\/v2\/pages\/2915"}],"wp:featuredmedia":[{"embeddable":true,"href":"https:\/\/azeta.pro\/fr\/wp-json\/wp\/v2\/media\/2607"}],"wp:attachment":[{"href":"https:\/\/azeta.pro\/fr\/wp-json\/wp\/v2\/media?parent=2606"}],"curies":[{"name":"wp","href":"https:\/\/api.w.org\/{rel}","templated":true}]}}