{"id":2606,"date":"2025-02-04T18:26:46","date_gmt":"2025-02-04T18:26:46","guid":{"rendered":"https:\/\/azeta.pro\/?page_id=2606"},"modified":"2026-08-31T09:37:28","modified_gmt":"2026-08-31T09:37:28","slug":"design-district","status":"publish","type":"page","link":"https:\/\/azeta.pro\/de\/dubai\/free-zone\/design-district\/","title":{"rendered":"Dubai Design Distrikt (d3)"},"content":{"rendered":"<p><strong>Verwirklichen Sie Ihre kreative Vision im Herzen des globalen Designs<\/strong><br><em>100% ausl\u00e4ndisches Eigentum | 0% Steuern | Drehscheibe f\u00fcr Innovation und Lifestyle<\/em><\/p>\n\n\n\n<p>[CTA-Button: \"Starten Sie Ihre Marke bei d3 \u2192\"]<\/p>\n\n\n<div class=\"wp-block-image\">\n<figure class=\"aligncenter size-full\"><img loading=\"lazy\" decoding=\"async\" width=\"819\" height=\"826\" src=\"https:\/\/azeta.pro\/wp-content\/uploads\/2025\/02\/image-15.png\" alt=\"\" class=\"wp-image-2607\" title=\"\" srcset=\"https:\/\/azeta.pro\/wp-content\/uploads\/2025\/02\/image-15.png 819w, https:\/\/azeta.pro\/wp-content\/uploads\/2025\/02\/image-15-297x300.png 297w, https:\/\/azeta.pro\/wp-content\/uploads\/2025\/02\/image-15-150x150.png 150w, https:\/\/azeta.pro\/wp-content\/uploads\/2025\/02\/image-15-768x775.png 768w, https:\/\/azeta.pro\/wp-content\/uploads\/2025\/02\/image-15-12x12.png 12w, https:\/\/azeta.pro\/wp-content\/uploads\/2025\/02\/image-15-120x120.png 120w\" sizes=\"(max-width: 819px) 100vw, 819px\" \/><\/figure><\/div>\n\n\n<hr class=\"wp-block-separator has-alpha-channel-opacity\"\/>\n\n\n\n<h2 class=\"wp-block-heading\"><strong>Warum der Dubai Design District?<\/strong><\/h2>\n\n\n\n<p>\u2705&nbsp;<strong>Gegr\u00fcndet im Jahr 2013<\/strong>mit&nbsp;<strong>1.000+ Marken<\/strong>&nbsp;darunter Chanel, Dior und Swarovski<br>\u2705&nbsp;<strong>Einzigartige MENA-Drehscheibe f\u00fcr Design<\/strong>Teil der Gruppe&nbsp;<strong>TECOM<\/strong>.<br>\u2705&nbsp;<strong>Ikonische Ereignisse<\/strong>Dubai Design Week, Arab Fashion Week und Downtown Design.<br>\u2705&nbsp;<strong>0% K\u00f6rperschaftssteuer, 0% Z\u00f6lle<\/strong>vollst\u00e4ndige R\u00fcckf\u00fchrung der Gewinne.<\/p>\n\n\n\n<hr class=\"wp-block-separator has-alpha-channel-opacity\"\/>\n\n\n\n<h3 class=\"wp-block-heading\"><strong>Schl\u00fcsselsektoren<\/strong><\/h3>\n\n\n\n<ul>\n<li>\ud83d\udc57 Mode und Haute Couture<\/li>\n\n\n\n<li>\ud83c\udfdb\ufe0f Architektur und Innenarchitektur<\/li>\n\n\n\n<li>\ud83c\udfa8 Zeitgen\u00f6ssische Kunst und Galerien<\/li>\n\n\n\n<li>\ud83d\udcd0 Industrie- und Produktdesign<\/li>\n<\/ul>\n\n\n\n<hr class=\"wp-block-separator has-alpha-channel-opacity\"\/>\n\n\n\n<h2 class=\"wp-block-heading\"><strong>Exklusive Vorteile von d3<\/strong><\/h2>\n\n\n<div style=\"display: grid; grid-template-columns: 1fr 1fr; gap: 20px; margin: 20px 0;\">\n<div> **\ud83c\udf89 Elite-Networking** Zugang zu internationalen Eink\u00e4ufern, Showrooms und exklusiven Veranstaltungen wie der **Paris-Dubai Fashion Connection**. <\/div>\n<div> **\ud83d\udcdc Ma\u00dfgeschneiderte Lizenzen** F\u00fcr unabh\u00e4ngige Designer, Kreativstudios oder etablierte Marken, einschlie\u00dflich Luxus-E-Commerce. <\/div>\n<div> **\ud83c\udfd9\ufe0f Inspirierende R\u00e4ume** Offene Ateliers, Ausstellungslofts und Pop-up-Stores im kreativen Herzen von Dubai. <\/div>\n<div> **\ud83c\udf31 Nachhaltigkeit** Programme f\u00fcr umweltfreundliche Materialien und Partnerschaften mit dem **Dubai Institute of Design and Innovation**. <\/div>\n<\/p><\/div>\n\n\n\n<hr class=\"wp-block-separator has-alpha-channel-opacity\"\/>\n\n\n\n<h2 class=\"wp-block-heading\"><strong>Zahlen, die z\u00e4hlen<\/strong><\/h2>\n\n\n\n<ul>\n<li><strong>300+ Ereignisse<\/strong>\u00a0das Jahr \u00fcber zwischen Paraden, Ausstellungen und Konferenzen.<\/li>\n\n\n\n<li><strong>70%<\/strong>\u00a0der MENA-Modeh\u00e4user sind in d3 ans\u00e4ssig.<\/li>\n\n\n\n<li><strong>72 Stunden<\/strong>\u00a0eine kreative Lizenz \u00fcber eine digitale Plattform zu erwerben.<\/li>\n<\/ul>\n\n\n\n<hr class=\"wp-block-separator has-alpha-channel-opacity\"\/>\n\n\n\n<h2 class=\"wp-block-heading\"><strong>Erfolgsgeschichten<\/strong><\/h2>\n\n\n\n<blockquote class=\"wp-block-quote is-layout-flow wp-block-quote-is-layout-flow\">\n<p><em>\"Mit d3 haben wir unsere Brautkleidkollektion aus nachhaltigen Stoffen auf den Markt gebracht und damit Kunden aus Europa und der Golfregion gewonnen.\"<\/em><br>-&nbsp;<strong>Modedesignerin, Florenz<\/strong><\/p>\n<\/blockquote>\n\n\n\n<blockquote class=\"wp-block-quote is-layout-flow wp-block-quote-is-layout-flow\">\n<p><em>\"Das Architekturb\u00fcro d3 hat uns T\u00fcren zu ikonischen Projekten wie dem Dubai Museum of the Future ge\u00f6ffnet.\"<\/em><br>-&nbsp;<strong>Architekt, B\u00fcro Mailand<\/strong><\/p>\n<\/blockquote>\n\n\n\n<hr class=\"wp-block-separator has-alpha-channel-opacity\"\/>\n\n\n\n<h2 class=\"wp-block-heading\"><strong>Wie man sich bei d3 registriert<\/strong><\/h2>\n\n\n\n<ol start=\"1\">\n<li><strong>W\u00e4hlen Sie Ihre Lizenz<\/strong>\u00a0(Design, Mode, Kunst, e-Commerce).<\/li>\n\n\n\n<li><strong>Portfolio hochladen<\/strong>\u00a0(Projekte, Sammlungen oder k\u00fcnstlerische Konzepte).<\/li>\n\n\n\n<li><strong>Raum ausw\u00e4hlen<\/strong>\u00a0(Studio, Ausstellungsraum oder virtueller Schreibtisch).<\/li>\n\n\n\n<li><strong>Werden Sie Mitglied der Gemeinschaft<\/strong>\u00a0- Veranstaltungen, Mentoring und internationale Kooperationen.<\/li>\n<\/ol>\n\n\n\n<p>[CTA-Button: \"Handbuch f\u00fcr Designer herunterladen\"]<\/p>\n\n\n\n<hr class=\"wp-block-separator has-alpha-channel-opacity\"\/>\n\n\n\n<h2 class=\"wp-block-heading\"><strong>Kreative Infrastrukturen<\/strong><\/h2>\n\n\n\n<ul>\n<li><strong>d3 Studios<\/strong>Modulare R\u00e4ume mit Ausr\u00fcstung f\u00fcr Prototyping und 3D-Druck.<\/li>\n\n\n\n<li><strong>Das Designzentrum in Dubai<\/strong>Ausstellungsgalerien und Auditorien f\u00fcr weltweite Veranstaltungen.<\/li>\n\n\n\n<li><strong>Rat f\u00fcr Mode und Design<\/strong>Unterst\u00fctzung bei der Teilnahme an internationalen Messen (z. B. Mail\u00e4nder Modewoche).<\/li>\n<\/ul>\n\n\n<div class=\"wp-block-image\">\n<figure class=\"aligncenter size-full\"><img loading=\"lazy\" decoding=\"async\" width=\"640\" height=\"400\" src=\"https:\/\/azeta.pro\/wp-content\/uploads\/2025\/02\/image-19.png\" alt=\"\" class=\"wp-image-2611\" title=\"\" srcset=\"https:\/\/azeta.pro\/wp-content\/uploads\/2025\/02\/image-19.png 640w, https:\/\/azeta.pro\/wp-content\/uploads\/2025\/02\/image-19-300x188.png 300w, https:\/\/azeta.pro\/wp-content\/uploads\/2025\/02\/image-19-18x12.png 18w\" sizes=\"(max-width: 640px) 100vw, 640px\" \/><\/figure><\/div>\n\n<div class=\"wp-block-image\">\n<figure class=\"aligncenter size-large\"><img loading=\"lazy\" decoding=\"async\" width=\"1024\" height=\"682\" src=\"https:\/\/azeta.pro\/wp-content\/uploads\/2025\/02\/image-16-1024x682.png\" alt=\"\" class=\"wp-image-2608\" title=\"\" srcset=\"https:\/\/azeta.pro\/wp-content\/uploads\/2025\/02\/image-16-1024x682.png 1024w, https:\/\/azeta.pro\/wp-content\/uploads\/2025\/02\/image-16-300x200.png 300w, https:\/\/azeta.pro\/wp-content\/uploads\/2025\/02\/image-16-768x511.png 768w, https:\/\/azeta.pro\/wp-content\/uploads\/2025\/02\/image-16-18x12.png 18w, https:\/\/azeta.pro\/wp-content\/uploads\/2025\/02\/image-16.png 1200w\" sizes=\"(max-width: 1024px) 100vw, 1024px\" \/><\/figure><\/div>\n\n\n<hr class=\"wp-block-separator has-alpha-channel-opacity\"\/>\n\n\n\n<h2 class=\"wp-block-heading\"><strong>Einf\u00fchrungsangebot f\u00fcr Kreative<\/strong><\/h2>\n\n\n\n<p><strong>\ud83c\udfa8 1 Jahr kostenlose Mitgliedschaft im d3 Creative Network<\/strong><br><em>Inbegriffen: Zugang zu ausgew\u00e4hlten Eink\u00e4ufern und Erm\u00e4\u00dfigungen auf Ausstellungsfl\u00e4chen.<\/em><\/p>\n\n\n\n<p>[CTA-Button: \"Kostenlose Mitgliedschaft beantragen\"]<\/p>\n\n\n\n<hr class=\"wp-block-separator has-alpha-channel-opacity\"\/>\n\n\n\n<h2 class=\"wp-block-heading\"><strong>Kontakt<\/strong><\/h2>\n\n\n\n<p>\ud83d\udccd&nbsp;<strong>Hauptsitz<\/strong>Dubai Design District, in der N\u00e4he des Burj Khalifa, Dubai<br>\ud83d\udcde&nbsp;<strong>Italienisches B\u00fcro<\/strong>: +39 02 99887766 (Mailand)<br>\ud83d\udce7&nbsp;<strong>E-Mail<\/strong>:&nbsp;<a href=\"mailto:italia@d3.ae\" target=\"_blank\" rel=\"noreferrer noopener\">italia@d3.ae<\/a><\/p>\n\n\n\n<p>[CTA-Button: \"Sprechen Sie mit einem kreativen Berater\"]<\/p>","protected":false},"excerpt":{"rendered":"<p>Verwirklichen Sie Ihre kreative Vision im Herzen des globalen Designs100% ausl\u00e4ndisches Eigentum | 0% Steuern | Drehscheibe f\u00fcr Innovation und Lifestyle [CTA Button: \"Launch your brand at d3 \u2192\"] Warum Dubai Design District? \u2705 Gegr\u00fcndet 2013, mit mehr als 1.000 Marken, darunter Chanel, Dior und Swarovski\u2705 Einzigartiges MENA-Drehkreuz f\u00fcr Design, Teil der TECOM-Gruppe \u2705 Events ... <a title=\"Dubai Design Distrikt (d3)\" class=\"read-more\" href=\"https:\/\/azeta.pro\/de\/dubai\/free-zone\/design-district\/\" aria-label=\"Mehr zu Dubai Design District (d3)\">Weiterlesen ...<\/a><\/p>","protected":false},"author":1,"featured_media":2607,"parent":2915,"menu_order":0,"comment_status":"closed","ping_status":"closed","template":"","meta":{"iawp_total_views":0,"footnotes":"","rank_math_title":"","rank_math_description":"","rank_math_focus_keyword":"","rank_math_canonical_url":"","rank_math_robots":[]},"_links":{"self":[{"href":"https:\/\/azeta.pro\/de\/wp-json\/wp\/v2\/pages\/2606"}],"collection":[{"href":"https:\/\/azeta.pro\/de\/wp-json\/wp\/v2\/pages"}],"about":[{"href":"https:\/\/azeta.pro\/de\/wp-json\/wp\/v2\/types\/page"}],"author":[{"embeddable":true,"href":"https:\/\/azeta.pro\/de\/wp-json\/wp\/v2\/users\/1"}],"replies":[{"embeddable":true,"href":"https:\/\/azeta.pro\/de\/wp-json\/wp\/v2\/comments?post=2606"}],"version-history":[{"count":1,"href":"https:\/\/azeta.pro\/de\/wp-json\/wp\/v2\/pages\/2606\/revisions"}],"predecessor-version":[{"id":2612,"href":"https:\/\/azeta.pro\/de\/wp-json\/wp\/v2\/pages\/2606\/revisions\/2612"}],"up":[{"embeddable":true,"href":"https:\/\/azeta.pro\/de\/wp-json\/wp\/v2\/pages\/2915"}],"wp:featuredmedia":[{"embeddable":true,"href":"https:\/\/azeta.pro\/de\/wp-json\/wp\/v2\/media\/2607"}],"wp:attachment":[{"href":"https:\/\/azeta.pro\/de\/wp-json\/wp\/v2\/media?parent=2606"}],"curies":[{"name":"wp","href":"https:\/\/api.w.org\/{rel}","templated":true}]}}